{"id":783,"date":"2024-03-26T13:43:33","date_gmt":"2024-03-26T12:43:33","guid":{"rendered":"https:\/\/unterwegguetl.com\/privacy-policy\/"},"modified":"2024-06-16T20:04:37","modified_gmt":"2024-06-16T18:04:37","slug":"privacy-policy","status":"publish","type":"page","link":"https:\/\/unterwegguetl.com\/it\/privacy-policy\/","title":{"rendered":"Privacy Policy"},"content":{"rendered":"<p>[et_pb_section fb_built=&#8221;1&#8243; admin_label=&#8221;section&#8221; _builder_version=&#8221;4.16&#8243; global_colors_info=&#8221;{}&#8221;][et_pb_row admin_label=&#8221;row&#8221; _builder_version=&#8221;4.16&#8243; background_size=&#8221;initial&#8221; background_position=&#8221;top_left&#8221; background_repeat=&#8221;repeat&#8221; global_colors_info=&#8221;{}&#8221;][et_pb_column type=&#8221;4_4&#8243; _builder_version=&#8221;4.16&#8243; custom_padding=&#8221;|||&#8221; global_colors_info=&#8221;{}&#8221; custom_padding__hover=&#8221;|||&#8221;][et_pb_cta button_url=&#8221;#&#8221; _builder_version=&#8221;4.24.3&#8243; header_font=&#8221;||||||||&#8221; header_text_color=&#8221;#171516&#8243; header_font_size=&#8221;30px&#8221; body_font=&#8221;||||||||&#8221; body_text_color=&#8221;#323230&#8243; body_line_height=&#8221;1.8em&#8221; background_enable_color=&#8221;off&#8221; custom_button=&#8221;on&#8221; button_text_color=&#8221;#ffffff&#8221; button_bg_color=&#8221;#00aaff&#8221; button_border_width=&#8221;5px&#8221; button_border_color=&#8221;rgba(0,0,0,0)&#8221; button_border_radius=&#8221;0px&#8221; button_font=&#8221;Squada One|||on|||||&#8221; text_orientation=&#8221;left&#8221; background_layout=&#8221;light&#8221; custom_padding=&#8221;0px|0px||0px||&#8221; header_font_size_tablet=&#8221;15px&#8221; header_font_size_phone=&#8221;15px&#8221; header_font_size_last_edited=&#8221;on|phone&#8221; border_color_all=&#8221;#0c4883&#8243; button_border_radius_hover=&#8221;0px&#8221; global_colors_info=&#8221;{}&#8221; button_text_size__hover_enabled=&#8221;off&#8221; button_one_text_size__hover_enabled=&#8221;off&#8221; button_two_text_size__hover_enabled=&#8221;off&#8221; button_text_color__hover_enabled=&#8221;off&#8221; button_one_text_color__hover_enabled=&#8221;off&#8221; button_two_text_color__hover_enabled=&#8221;off&#8221; button_border_width__hover_enabled=&#8221;off&#8221; button_one_border_width__hover_enabled=&#8221;off&#8221; button_two_border_width__hover_enabled=&#8221;off&#8221; button_border_color__hover_enabled=&#8221;off&#8221; button_one_border_color__hover_enabled=&#8221;off&#8221; button_two_border_color__hover_enabled=&#8221;off&#8221; button_border_radius__hover_enabled=&#8221;on&#8221; button_border_radius__hover=&#8221;0px&#8221; button_one_border_radius__hover_enabled=&#8221;off&#8221; button_two_border_radius__hover_enabled=&#8221;off&#8221; button_letter_spacing__hover_enabled=&#8221;off&#8221; button_one_letter_spacing__hover_enabled=&#8221;off&#8221; button_two_letter_spacing__hover_enabled=&#8221;off&#8221; button_bg_color__hover_enabled=&#8221;off&#8221; button_one_bg_color__hover_enabled=&#8221;off&#8221; button_two_bg_color__hover_enabled=&#8221;off&#8221;]<\/p>\n<p><strong>Pichler Stefan<\/strong>, con sede legale in 39020 Castelbello &#8211; Ciardes (BZ), Via delle Piagge 6\/b, in qualit\u00e0 di titolare del trattamento (in seguito, \u201c<strong><em>Titolare<\/em><\/strong>\u201d), La informa ai sensi dell\u2019art. 13 Regolamento UE n. 2016\/679 (in seguito, \u201c<strong>GDPR<\/strong>\u201d) che i Suoi dati saranno trattati con le modalit\u00e0 e per le finalit\u00e0 seguenti:<\/p>\n<p>&nbsp;<\/p>\n<ol>\n<li><strong> Oggetto del trattamento<\/strong><br \/>Il <strong>Titolare<\/strong> tratta i dati personali identificativi (ad esempio, nome, cognome, ragione sociale, indirizzo, telefono, cellulare, numero fax, e-mail, PEC.email, codice-SDI, codice fisciale, partita iva, riferimenti bancari e di pagamento \u2013 in seguito \u201c<strong>dati personali<\/strong>\u201d o anche \u201c<strong>dati<\/strong>\u201d) da Lei comunicati in occasione della definizione di contratti per i prodotti\/servizi del <strong>Titolare<\/strong>.<\/li>\n<\/ol>\n<p>&nbsp;<\/p>\n<ol start=\"2\">\n<li><strong> Finalit\u00e0 del trattamento<\/strong><br \/>I Suoi dati personali sono trattati:<\/li>\n<\/ol>\n<p>&nbsp;<\/p>\n<ol>\n<li><strong>A)<\/strong> ai sensi dell\u2019art. 6 lett. b) e c) GDPR, per le seguenti Finalit\u00e0:<br \/>\u2013 esecuzione dell\u2019oggetto del rapporto contrattuale cui Lei \u00e8 parte o esecuzione di misure precontrattuali adottate su Sua richiesta;<\/li>\n<\/ol>\n<p>\u2013 adempimento degli obblighi precontrattuali, contrattuali e fiscali derivanti da rapporti con Lei in essere;<\/p>\n<p>\u2013 adempimento degli obblighi previsti dalla legge, da un regolamento, dalla normativa comunitaria o da un ordine dell\u2019Autorit\u00e0 (come ad esempio in materia di antiriciclaggio);<\/p>\n<p>\u2013 esercizio dei diritti del <strong>Titolare<\/strong>, ad esempio il diritto di difesa in giudizio;<\/p>\n<p>&nbsp;<\/p>\n<p>Le segnaliamo che se Lei \u00e8 gi\u00e0 nostro cliente, potremo inviarLe comunicazioni commerciali relative a prodotti\/servizi del <strong>Titolare<\/strong>, omologhi a quelli gi\u00e0 da Lei acquistati dalla ns. societ\u00e0, attraverso un precedente rapporto commerciale, salvo Suo dissenso.<\/p>\n<p>&nbsp;<\/p>\n<ol>\n<li><strong>B)<\/strong> Solo previo Suo specifico e distinto consenso (art. 7 GDPR), per le seguenti finalit\u00e0 di Marketing:<br \/>\u2013 inviarLe via newsletter, e-mail, posta e\/o sms, Facebook Messenger, Instagram, LinkedIn Messenger, WhatsApp Messenger e\/o contatti telefonici, comunicazioni commerciali e\/o materiale pubblicitario su prodotti\/servizi offerti dal <strong>Titolare<\/strong> e rilevazione del grado di soddisfazione sulla qualit\u00e0 dei prodotti\/servizi;<\/li>\n<\/ol>\n<p>&nbsp;<\/p>\n<ol start=\"3\">\n<li><strong> Modalit\u00e0 di trattamento<\/strong><br \/>Il trattamento dei Suoi dati personali avviene per mezzo delle operazioni indicate all\u2019art. 4 n. 2) GDPR e precisamente: raccolta, registrazione, organizzazione, conservazione, consultazione, elaborazione, modificazione, selezione, estrazione, raffronto, utilizzo, interconnessione, blocco, comunicazione, cancellazione e distruzione dei dati. I Suoi dati personali sono sottoposti a trattamento sia cartaceo che elettronico e\/o automatizzato.<\/li>\n<\/ol>\n<p>&nbsp;<\/p>\n<p>Il <strong>Titolare<\/strong> tratter\u00e0 i dati personali per il tempo necessario per adempiere alle finalit\u00e0 di cui sopra e comunque per non oltre 10 anni dalla cessazione del rapporto per le Finalit\u00e0 indicate e per non oltre 3 anni dalla raccolta dei dati per le Finalit\u00e0 di Marketing.<\/p>\n<p>&nbsp;<\/p>\n<ol start=\"4\">\n<li><strong> Accesso ai dati<\/strong><br \/>I Suoi dati potranno essere resi accessibili per le finalit\u00e0 di cui all\u2019art. 2.A) e 2.B):<\/li>\n<\/ol>\n<p>\u2013 a dipendenti e collaboratori del <strong>Titolare<\/strong> in Italia e all\u2019estero, nella loro qualit\u00e0 di autorizzati e\/o referenti interni del trattamento e\/o amministratori di sistema;<\/p>\n<p>\u2013 a societ\u00e0 terze o altri soggetti (a titolo indicativo, istituti di credito, studi professionali, consulenti, societ\u00e0 di assicurazione per la prestazione di servizi assicurativi, etc.) che svolgono attivit\u00e0 in outsourcing per conto del <strong>Titolar<\/strong>e, nella loro qualit\u00e0 di responsabili esterni del trattamento.<\/p>\n<p>&nbsp;<\/p>\n<ol start=\"5\">\n<li><strong> Comunicazione dei dati<\/strong><br \/>Senza la necessit\u00e0 di un espresso consenso (ex art. 6 lett. b) e c) GDPR), il <strong>Titolare<\/strong> potr\u00e0 comunicare i Suoi dati per le finalit\u00e0 di cui all\u2019art. 2.A) a Organismi di vigilanza, Autorit\u00e0 giudiziarie, a societ\u00e0 di assicurazione per la prestazione di servizi assicurativi, nonch\u00e9 a quei soggetti ai quali la comunicazione sia obbligatoria per legge per l\u2019espletamento delle finalit\u00e0 dette. Detti soggetti tratteranno i dati nella loro qualit\u00e0 di autonomi titolari del trattamento.<\/li>\n<\/ol>\n<p>I Suoi dati non saranno diffusi.<\/p>\n<p>&nbsp;<\/p>\n<ol start=\"6\">\n<li><strong> Trasferimento dati<\/strong><br \/>I dati personali saranno trattati sia su supporto cartaceo che elettronico e\/o automatizzato presso la sede legale del titolare, e conservati all&#8217;interno dell&#8217;Unione Europea. I dati personali che ci pervengono via e-mail o tramite il modulo di contatto sul nostro sito web vengono memorizzati sui server di Aruba S.P.A. ad Arezzo, Roma e Milano (Italia) all&#8217;interno dell&#8217;Unione Europea. I dati personali che ci pervengono via posta PEC saranno conservati sui server di Aruba S.P.A. ad Arezzo, Roma e Milano (Italia) all&#8217;interno dell&#8217;Unione Europea.<\/li>\n<\/ol>\n<p>&nbsp;<\/p>\n<ol start=\"7\">\n<li><strong> Natura del conferimento dei dati e conseguenze del rifiuto di rispondere<\/strong><br \/>Il conferimento dei dati per le finalit\u00e0 di cui all\u2019art. 2.A) \u00e8 obbligatorio. In loro assenza, non potremo garantirle l\u2019esecuzione del contratto di cui all\u2019art. 2.A).<\/li>\n<\/ol>\n<p>Il conferimento dei dati per le finalit\u00e0 di cui all\u2019art. 2.B) \u00e8 invece facoltativo. Pu\u00f2 quindi decidere di non conferire alcun dato o di negare successivamente la possibilit\u00e0 di trattare dati gi\u00e0 forniti: in tal caso, non potr\u00e0 ricevere newsletter, comunicazioni commerciali e materiale pubblicitario inerenti ai Prodotti\/Servizi offerti dal <strong>Titolare<\/strong>. Continuer\u00e0 comunque ad avere diritto ai Prodotti\/Servizi di cui all\u2019art. 2.A).<\/p>\n<p>&nbsp;<\/p>\n<ol start=\"8\">\n<li><strong> Diritti dell\u2019interessato<\/strong><br \/>Nella Sua qualit\u00e0 di interessato, gode dei diritti di cui all\u2019 art. 15 GDPR e precisamente i diritti di:<\/li>\n<li>ottenere la conferma dell\u2019esistenza o meno di dati personali che La riguardano, anche se non ancora registrati, e la loro comunicazione in forma intelligibile;<\/li>\n<li>ottenere l\u2019indicazione: a) dell\u2019origine dei dati personali; b) delle finalit\u00e0 e modalit\u00e0 del trattamento; c) della logica applicata in caso di trattamento effettuato con l\u2019ausilio di strumenti elettronici; d) degli estremi identificativi del <strong>titolare<\/strong>, dei<br \/>responsabili e del rappresentante designato ai sensi dell\u2019art. 3, comma 1, GDPR; e) dei soggetti o delle categorie di soggetti ai quali i dati personali possono essere comunicati o che possono venirne a conoscenza in qualit\u00e0 di rappresentante designato nel territorio dello Stato, di designati o autorizzati;<\/li>\n<\/ol>\n<p>&nbsp;<\/p>\n<ol start=\"3\">\n<li>ottenere: a) l\u2019aggiornamento, la rettificazione ovvero, quando vi ha interesse, l\u2019integrazione dei dati; b) la cancellazione, la trasformazione in forma anonima o il blocco dei dati trattati in violazione di legge, compresi quelli di cui non \u00e8 necessaria la conservazione in relazione agli scopi per i quali i dati sono stati raccolti o successivamente trattati; c) l\u2019attestazione che le operazioni di cui alle lettere a) e b) sono state portate a conoscenza, anche per quanto riguarda il loro contenuto, di coloro ai quali i dati sono stati comunicati o diffusi, eccettuato il caso in cui tale adempimento si rivela impossibile o comporta un impiego di mezzi manifestamente sproporzionato rispetto al diritto tutelato;<\/li>\n<\/ol>\n<p>&nbsp;<\/p>\n<ol start=\"4\">\n<li>opporsi, in tutto o in parte: a) per motivi legittimi al trattamento dei dati personali che La riguardano, ancorch\u00e9 pertinenti allo scopo della raccolta; b) al trattamento di dati personali che La riguardano a fini di invio di materiale pubblicitario o di vendita diretta o per il compimento di ricerche di mercato o di comunicazione commerciale, mediante e-mail e\/o mediante modalit\u00e0 di marketing tradizionali mediante telefono, WhatsApp Messenger, Facebook Messenger, Instagram, LinkedIn Messenger e\/o posta cartacea.<\/li>\n<\/ol>\n<p>Ove applicabili, ha altres\u00ec i diritti di cui agli artt. 16-21 GDPR (Diritto di rettifica, diritto all\u2019oblio, diritto di limitazione di trattamento, diritto alla portabilit\u00e0 dei dati, diritto di opposizione), nonch\u00e9 il diritto di reclamo all\u2019Autorit\u00e0 Garante.<\/p>\n<p>&nbsp;<\/p>\n<ol start=\"9\">\n<li><strong> Modalit\u00e0 di esercizio dei diritti<\/strong><br \/>Potr\u00e0 in qualsiasi momento esercitare i diritti inviando:<\/li>\n<\/ol>\n<p>\u2013 una raccomandata a.r. all\u2019indirizzo della sede legale del <strong>titolare<\/strong>;<\/p>\n<p>\u2013 una e-mail all\u2019indirizzo \u00a0<a href=\"mailto:info@unterwegguetl.com\">info@unterwegguetl.com<\/a> o indirizzo email certificato <a href=\"mailto:pichler.stefan@pecconfesercentibz.it\">pichler.stefan@pecconfesercentibz.it<\/a>\u00a0<\/p>\n<ol start=\"10\">\n<li><strong> Titolare, responsabili e autorizzati<\/strong><br \/>Il Titolare del trattamento \u00e8 <strong>Pichler Stefan<\/strong>, con sede legale in 39020 Castelbello &#8211; Ciardes (BZ),\u00a0 Via delle Piagge 6\/b.<\/li>\n<\/ol>\n<p>&nbsp;<\/p>\n<p>Il responsabile del trattamento dei dati \u00e8 <strong>Pichler Stefan<\/strong>.<\/p>\n<p>[\/et_pb_cta][\/et_pb_column][\/et_pb_row][\/et_pb_section]<\/p>\n","protected":false},"excerpt":{"rendered":"<p>Pichler Stefan, con sede legale in 39020 Castelbello &#8211; Ciardes (BZ), Via delle Piagge 6\/b, in qualit\u00e0 di titolare del trattamento (in seguito, \u201cTitolare\u201d), La informa ai sensi dell\u2019art. 13 Regolamento UE n. 2016\/679 (in seguito, \u201cGDPR\u201d) che i Suoi dati saranno trattati con le modalit\u00e0 e per le finalit\u00e0 seguenti: &nbsp; Oggetto del trattamentoIl [&hellip;]<\/p>\n","protected":false},"author":2,"featured_media":0,"parent":0,"menu_order":0,"comment_status":"closed","ping_status":"closed","template":"","meta":{"_et_pb_use_builder":"on","_et_pb_old_content":"","_et_gb_content_width":"","footnotes":""},"difl_page_category":[],"class_list":["post-783","page","type-page","status-publish","hentry"],"_links":{"self":[{"href":"https:\/\/unterwegguetl.com\/it\/wp-json\/wp\/v2\/pages\/783","targetHints":{"allow":["GET"]}}],"collection":[{"href":"https:\/\/unterwegguetl.com\/it\/wp-json\/wp\/v2\/pages"}],"about":[{"href":"https:\/\/unterwegguetl.com\/it\/wp-json\/wp\/v2\/types\/page"}],"author":[{"embeddable":true,"href":"https:\/\/unterwegguetl.com\/it\/wp-json\/wp\/v2\/users\/2"}],"replies":[{"embeddable":true,"href":"https:\/\/unterwegguetl.com\/it\/wp-json\/wp\/v2\/comments?post=783"}],"version-history":[{"count":2,"href":"https:\/\/unterwegguetl.com\/it\/wp-json\/wp\/v2\/pages\/783\/revisions"}],"predecessor-version":[{"id":785,"href":"https:\/\/unterwegguetl.com\/it\/wp-json\/wp\/v2\/pages\/783\/revisions\/785"}],"wp:attachment":[{"href":"https:\/\/unterwegguetl.com\/it\/wp-json\/wp\/v2\/media?parent=783"}],"wp:term":[{"taxonomy":"difl_page_category","embeddable":true,"href":"https:\/\/unterwegguetl.com\/it\/wp-json\/wp\/v2\/difl_page_category?post=783"}],"curies":[{"name":"wp","href":"https:\/\/api.w.org\/{rel}","templated":true}]}}